{"id":1552,"date":"2026-04-30T14:12:33","date_gmt":"2026-04-30T14:12:33","guid":{"rendered":"https:\/\/lasalsadecuba.com\/?page_id=1552"},"modified":"2026-05-01T00:04:24","modified_gmt":"2026-05-01T00:04:24","slug":"programaabadino","status":"publish","type":"page","link":"https:\/\/lasalsadecuba.com\/eus\/programaabadino\/","title":{"rendered":"programaabadino"},"content":{"rendered":"<p>[et_pb_section fb_built=&#8221;1&#8243; _builder_version=&#8221;4.27.6&#8243; _module_preset=&#8221;default&#8221; global_colors_info=&#8221;{}&#8221;][et_pb_row _builder_version=&#8221;4.16&#8243; _module_preset=&#8221;default&#8221; global_colors_info=&#8221;{}&#8221;][et_pb_column type=&#8221;4_4&#8243; _builder_version=&#8221;4.16&#8243; _module_preset=&#8221;default&#8221; global_colors_info=&#8221;{}&#8221;][et_pb_blurb image=&#8221;https:\/\/lasalsadecuba.com\/wp-content\/uploads\/2026\/04\/WhatsApp-Image-2026-04-30-at-16.44.24.jpeg&#8221; alt=&#8221;A lo cubano&#8221; _builder_version=&#8221;4.27.6&#8243; _module_preset=&#8221;default&#8221; hover_enabled=&#8221;0&#8243; global_colors_info=&#8221;{}&#8221; sticky_enabled=&#8221;0&#8243;]<\/p>\n<div>\n<h2 style=\"font-size:16px;\">\ud83d\udd38 <span style=\"font-size:16px;\">MA\u00d1ANA (10:00 \u2013 14:15) \u2013 SALUD + ACTIVACI\u00d3N + CULTURA+ BAILE<\/span><\/h2>\n<h3 style=\"font-size:16px;\">9:30 |Kalejira Txanbolin txistu taldearekin \/ pasacalles con el grupo de txistu Txanbolin<\/h3>\n<h3 style=\"font-size:16px;\">10:00 | Ekitaldiaren irekiera Mar Mendive doktorea, Adembi elkartea eta Iluntze dantza taldearekin, Tra\u00f1a plazan \/ Apertura del acto con la Doctora Mar Mendive, la Asociaci\u00f3n Adembi y el grupo de dantza Iluntze, en la plaza Tra\u00f1a.<\/h3>\n<ul style=\"font-size:16px;\">\n<li>\n<p style=\"font-size:16px;\"><span style=\"font-size:16px;\">Presentaci\u00f3n del objetivo ben\u00e9fico<\/span><\/p>\n<\/li>\n<li>\n<p style=\"font-size:16px;\"><span style=\"font-size:16px;\">Punto informativo EM \/ mesa solidaria<\/span><\/p>\n<\/li>\n<li>\n<p style=\"font-size:16px;\"><span style=\"font-size:16px;\">Euskal dantzak<\/span><\/p>\n<\/li>\n<\/ul>\n<h3 style=\"font-size:16px;\">10:30 \u2013 12:00 | Tenis de mesa, <strong><b>Frontoian \/ Tenis de mesa, en el front\u00f3n. CTM ABADI\u00d1O<\/b><\/strong><\/h3>\n<p style=\"font-size:16px;\" align=\"justify\"><span style=\"font-size:16px;\"><b>10:30 \u2013 12:00 | Familia zikloturista martxa Migue Angel eta Eneritz Iturriagarekin, Tra\u00f1a plazako kioskotik hasita \/ Marcha cicloturista familiar con Eneritz Iturriaga y Migue Angel, comenzando desde el kiosko de la plaza Tra\u00f1a.<\/b><\/span><\/p>\n<p style=\"font-size:16px;\" align=\"justify\"><span style=\"font-size:16px;\"><b>11:00 \u2013 13:00 | Eskulanak Katalamixon Aisialdi Elkartearekin, Tra\u00f1a plazan \/ Manualidades con el grupo de tiempo libre Katalamixon, en la plaza Tra\u00f1a.<\/b><\/span><\/p>\n<h3 style=\"font-size:16px;\">10:30 \u2013 10:50 | Spinning Solidario<strong><b> (Sesi\u00f3n 1) <\/b><\/strong><strong><span style=\"font-size:16px;\"><b>Tra\u00f1a plazan. En la plaza Tra\u00f1a. Amara chica<\/b><\/span><\/strong><\/h3>\n<ul style=\"font-size:16px;\">\n<li>\n<p style=\"font-size:16px;\"><span style=\"font-size:16px;\">M\u00fasica potente + speaker animador<\/span><\/p>\n<\/li>\n<\/ul>\n<h3 style=\"font-size:16px;\">10:55 \u2013 11:15 | Spinning Solidario<strong><b> (Sesi\u00f3n 2) <\/b><\/strong><strong><span style=\"font-size:16px;\"><b>Tra\u00f1a plazan. En la plaza Tra\u00f1a. Amara chica<\/b><\/span><\/strong><\/h3>\n<ul style=\"font-size:16px;\">\n<li>\n<h3 style=\"font-size:16px;\"><span style=\"font-size:16px;\">M\u00fasica potente + speaker<\/span><\/h3>\n<\/li>\n<\/ul>\n<h3 style=\"font-size:16px;\">11:20 \u2013 11:40 | Spinning Solidario<strong><b> (Sesi\u00f3n 3) <\/b><\/strong><strong><span style=\"font-size:16px;\"><b>Tra\u00f1a plazan. En la plaza Tra\u00f1a. Amara chica<\/b><\/span><\/strong><\/h3>\n<ul style=\"font-size:16px;\">\n<li>\n<h3 style=\"font-size:16px;\"><strong><span style=\"font-size:16px;\">M\u00fasica potente + speaker<\/span><\/strong><\/h3>\n<\/li>\n<\/ul>\n<h3 style=\"font-size:16px;\"><strong><b>11:40 \u2013 12:10 | <\/b><\/strong>Bizikletak biltzen diren bitartean, musika eta entretenimendua guztientzat La Salsa de Cuba akademiarekin. <span style=\"font-size:16px;\">Tra\u00f1a plazan<\/span> \/ Mientras se recogen las bicis, m\u00fasica y animaciones para todos con Academia La Salsa de Cuba<span style=\"font-size:16px;\">.<\/span><strong><span style=\"font-size:16px;\"><b> En la plaza Tra\u00f1a.<\/b><\/span><\/strong><\/h3>\n<p style=\"font-size:16px;\" class=\"western\"><span style=\"font-size:16px;\"><b>12:10 \u2013 12:40<\/b><\/span><span style=\"font-size:16px;\"> | <\/span><strong><span style=\"font-size:16px;\">Aba\u00f1oko kantariak abesbatza, Tra\u00f1a plazan \/ Coro Aba\u00f1oko kantariak, en la plaza Tra\u00f1a.<\/span><\/strong><\/p>\n<h3 style=\"font-size:16px;\">12:40 \u2013 13:10 | Mar Mendive doktoreak eta Adembi elkarteak emandako hitzaldia, gaixotasun honi eta elkartearen lanari buruzko galdera-erantzunekin. <strong><span style=\"font-size:16px;\"><b>Tra\u00f1a plazan<\/b><\/span><\/strong>\/ Charla impartida por la Doctora Mar Mendive y la Asociaci\u00f3n Adembi, con preguntas y respuestas sobre esta enfermedad y la labor de la asociaci\u00f3n. <strong><span style=\"font-size:16px;\"><b> en la plaza Tra\u00f1a.<\/b><\/span><\/strong><\/h3>\n<ul style=\"font-size:16px;\">\n<li>\n<p style=\"font-size:16px;\"><strong><span style=\"font-size:16px;\">Primera rifa<\/span><\/strong><\/p>\n<\/li>\n<\/ul>\n<p style=\"font-size:16px;\" class=\"western\"><strong><span style=\"font-size:16px;\">13:10 \u2013 14:00<\/span><\/strong><strong><span style=\"font-size:16px;\"> |<\/span><\/strong><strong><span style=\"font-size:16px;\"> Hipopresiboak Conchi-rekin, Tra\u00f1a plazan \/<\/span><\/strong><strong><span style=\"font-size:16px;\"> <\/span><\/strong><strong><span style=\"font-size:16px;\">Hipopresivos con Conchi, en la plaza Tra\u00f1a. KLH_hipopresios.<\/span><\/strong><\/p>\n<ul style=\"font-size:16px;\">\n<li>\n<p style=\"font-size:16px;\"><strong><span style=\"font-size:16px;\">Sesi\u00f3n guiada<\/span><\/strong><\/p>\n<\/li>\n<\/ul>\n<p style=\"font-size:16px;\" class=\"western\"><strong><span style=\"font-size:16px;\">14:10 <\/span><\/strong><strong><span style=\"font-size:16px;\"> | <\/span><\/strong><strong><span style=\"font-size:16px;\">Goizeko jardueren amaiera eta bazkaltzeko atsedenaldia<\/span><\/strong><strong><span style=\"font-size:16px;\"> \/ <\/span><\/strong><strong><span style=\"font-size:16px;\">Despedida de las actividades de la ma\u00f1ana y pausa para comer.<\/span><\/strong><\/p>\n<p style=\"font-size:16px;\">&nbsp;<\/p>\n<h2 style=\"font-size:16px;\">\ud83d\udd38 TARDE (16:00 \u2013 20:30) Deporte y Baile<\/h2>\n<h3 style=\"font-size:16px;\">16:00 \u2013 16:30 | Dantza erakustaldia Itzi-rekin. Lezamako Ritmonia dantza eta kultura elkartearen eskutik,<strong><b> Tra\u00f1a plazan \/ <\/b><\/strong>Exhibici\u00f3n de baile con Itzi, Asociaci\u00f3n de danza y cultura Ritmonia de Lezama,<strong><b> en la plaza Tra\u00f1a.<\/b><\/strong><\/h3>\n<p style=\"font-size:16px;\" align=\"justify\"><strong><span style=\"font-size:16px;\">16:00 \u2013 18:00 | Eskolako xake partida azkarrak, frontoian \/ Partidas r\u00e1pidas de ajedrez escolar y de adultos, en el front\u00f3n. Abadi\u00f1o Xake Taldea<\/span><\/strong><\/p>\n<h3 style=\"font-size:16px;\">16:30 \u2013 17:00 | Dantza plaza Maider-ekin, Tra\u00f1a plazan \/ Dantza Plaza con Maider<strong><b>, en la plaza Tra\u00f1a.<\/b><\/strong><\/h3>\n<ul style=\"font-size:16px;\">\n<li>\n<p style=\"font-size:16px;\"><span style=\"font-size:16px;\">Clase abierta<\/span><\/p>\n<\/li>\n<\/ul>\n<h3 style=\"font-size:16px;\">17:00 \u2013 17:45 | Dominikar Bachata klasea Jose Luis eta Tania-rekin, Tra\u00f1a plazan \/ Clase de Bachata dominicana con Jose Luis y Tania, <strong><b>en la plaza Tra\u00f1a.<\/b><\/strong><\/h3>\n<ul style=\"font-size:16px;\">\n<li>\n<p style=\"font-size:16px;\"><span style=\"font-size:16px;\">Clase abierta<\/span><\/p>\n<\/li>\n<\/ul>\n<h3 style=\"font-size:16px;\">17:30 \u2013 18:30 | Saskibaloi txapelketa, erabilera anitzeko gimnasioan \/ Torneo de baloncesto, en el gimnasio multiusos.<\/h3>\n<h3 style=\"font-size:16px;\">17:50 \u2013 18:35 | Sevillana klasea Esti, Esti Dantza eta La Salsa de Cuba-rekin, Tra\u00f1a plazan. \/ Clase de Sevillanas con Esti, Esti Dantza y La Salsa de Cuba,<strong><b> en la plaza Tra\u00f1a.<\/b><\/strong><\/h3>\n<ul style=\"font-size:16px;\">\n<li>\n<p style=\"font-size:16px;\"><span style=\"font-size:16px;\">Clase abierta + fin con palmas y animaci\u00f3n<\/span><\/p>\n<\/li>\n<\/ul>\n<h3 style=\"font-size:16px;\">18:30 | Pilota partidak, Go\u00f1i eta Tit\u00edn, frontoian \/ Partidos de pelota, Go\u00f1i y Tit\u00edn, en el front\u00f3n.<\/h3>\n<h3 style=\"font-size:16px;\">18:40 \u2013 19:25 | Salsa, Bachata, Merengue, Konga, Mugimendua (clase parte-hartzailea), Tra\u00f1a plazan \/ Salsa, Bachata, merengue, conga, movimiento (clase participativa) con La Salsa de Cuba,<strong><b> en la plaza Tra\u00f1a.<\/b><\/strong><\/h3>\n<ul style=\"font-size:16px;\">\n<li>\n<p style=\"font-size:16px;\"><span style=\"font-size:16px;\">Clase abierta<\/span><\/p>\n<\/li>\n<\/ul>\n<h3 style=\"font-size:16px;\">19:30 | Areto-futbola txapelketa, erabilera anitzeko gimnasioan \/ Torneo de f\u00fatbol sala, en el gimnasio multiusos.<\/h3>\n<h3 style=\"font-size:16px;\">19:25 \u2013 19:45 | Atsedenaldia + zozketa + EM mezua, <strong>Tra\u00f1a plazan<\/strong> \/ Descanso + rifa + mensaje EM<strong><b>, en la plaza Tra\u00f1a.<\/b><\/strong><\/h3>\n<ul style=\"font-size:16px;\">\n<li>\n<p style=\"font-size:16px;\"><span style=\"font-size:16px;\">Testimonio breve \/ lectura solidaria (opcional)<\/span><\/p>\n<\/li>\n<li>\n<p style=\"font-size:16px;\"><span style=\"font-size:16px;\">Agradecimientos + anuncio recaudaci\u00f3n provisional<\/span><\/p>\n<\/li>\n<li>\n<p style=\"font-size:16px;\"><span style=\"font-size:16px;\">Foto con los participantes<\/span><\/p>\n<\/li>\n<li>\n<p style=\"font-size:16px;\"><span style=\"font-size:16px;\">\u00daltima rifa<\/span><\/p>\n<\/li>\n<\/ul>\n<h3 style=\"font-size:16px;\">19:45 \u2013 20:30 | Orkestraren soinu-proba eta dantza parte-hartzaileko klasea hainbat irakaslerekin, <strong>Tra\u00f1a plazan<\/strong> \/ Prueba de sonido orquesta y clase de baile participativa con varios profes.<strong><b> en la plaza Tra\u00f1a.<\/b><\/strong><\/h3>\n<ul style=\"font-size:16px;\">\n<li>\n<p style=\"font-size:16px;\"><span style=\"font-size:16px;\">Clase abierta+ rueda final<\/span><\/p>\n<\/li>\n<\/ul>\n<p style=\"font-size:16px;\">&nbsp;<\/p>\n<h2 style=\"font-size:16px;\">\ud83d\udd38 NOCHE (20:30 \u2013 23:30) \u2013 CONCIERTO + BAILE SOCIAL, todo en <strong><b>la plaza Tra\u00f1a.<\/b><\/strong><\/h2>\n<h3 style=\"font-size:16px;\">20:30 \u2013 21:00 | DJ M\u00fasica latina<\/h3>\n<ul style=\"font-size:16px;\">\n<li>\n<p style=\"font-size:16px;\"><span style=\"font-size:16px;\">M\u00fasica latina con animaciones<\/span><\/p>\n<\/li>\n<\/ul>\n<h3 style=\"font-size:16px;\">21:00 \u2013 22:00 | \ud83c\udfba <strong><b>Orquesta en Vivo. Orquesta Yan y su Timbao Global.<\/b><\/strong><\/h3>\n<ul style=\"font-size:16px;\">\n<li>\n<p style=\"font-size:16px;\"><span style=\"font-size:16px;\">Espacio para baile con la orquesta<\/span><\/p>\n<\/li>\n<\/ul>\n<h3 style=\"font-size:16px;\">22:00 \u2013 23:00 | DJ M\u00fasica latina<\/h3>\n<ul style=\"font-size:16px;\">\n<li>\n<p style=\"font-size:16px;\"><span style=\"font-size:16px;\">M\u00fasica latina con animaciones<\/span><\/p>\n<\/li>\n<\/ul>\n<h3 style=\"font-size:16px;\">23:00 \u2013 23:30 | Cierre solidario<\/h3>\n<ul style=\"font-size:16px;\">\n<li>\n<p style=\"font-size:16px;\"><span style=\"font-size:16px;\">Agradecimientos + anuncio recaudaci\u00f3n provisional<\/span><\/p>\n<\/li>\n<li>\n<p style=\"font-size:16px;\"><span style=\"font-size:16px;\">Foto final <\/span><\/p>\n<\/li>\n<\/ul>\n<h4 style=\"font-size:16px;\"><\/h4>\n<h3 style=\"font-size:16px; text-align: center;\"><\/h3>\n<p style=\"font-size:16px;\">&nbsp;<\/p>\n<h3 style=\"font-size:16px;\"><strong>La organizaci\u00f3n no se hace responsable de los cambios que puedan ocurrir.<\/strong><\/h3>\n<\/div>\n<p>[\/et_pb_blurb][\/et_pb_column][\/et_pb_row][\/et_pb_section]<\/p>\n","protected":false},"excerpt":{"rendered":"<p>\ud83d\udd38 MA\u00d1ANA (10:00 \u2013 14:15) \u2013 SALUD + ACTIVACI\u00d3N + CULTURA+ BAILE 9:30 |Kalejira Txanbolin txistu taldearekin \/ pasacalles con el grupo de txistu Txanbolin 10:00 | Ekitaldiaren irekiera Mar Mendive doktorea, Adembi elkartea eta Iluntze dantza taldearekin, Tra\u00f1a plazan \/ Apertura del acto con la Doctora Mar Mendive, la Asociaci\u00f3n Adembi y el grupo [&hellip;]<\/p>\n","protected":false},"author":1,"featured_media":0,"parent":0,"menu_order":0,"comment_status":"closed","ping_status":"closed","template":"","meta":{"nf_dc_page":"","_et_pb_use_builder":"on","_et_pb_old_content":"","_et_gb_content_width":"","_joinchat":[],"footnotes":""},"class_list":["post-1552","page","type-page","status-publish","hentry"],"yoast_head":"<!-- This site is optimized with the Yoast SEO plugin v27.5 - https:\/\/yoast.com\/product\/yoast-seo-wordpress\/ -->\n<title>programaabadino - La salsa de Cuba<\/title>\n<meta name=\"robots\" content=\"index, follow, max-snippet:-1, max-image-preview:large, max-video-preview:-1\" \/>\n<link rel=\"canonical\" href=\"https:\/\/lasalsadecuba.com\/eus\/programaabadino\/\" \/>\n<meta property=\"og:locale\" content=\"en_US\" \/>\n<meta property=\"og:type\" content=\"article\" \/>\n<meta property=\"og:title\" content=\"programaabadino - La salsa de Cuba\" \/>\n<meta property=\"og:description\" content=\"\ud83d\udd38 MA\u00d1ANA (10:00 \u2013 14:15) \u2013 SALUD + ACTIVACI\u00d3N + CULTURA+ BAILE 9:30 |Kalejira Txanbolin txistu taldearekin \/ pasacalles con el grupo de txistu Txanbolin 10:00 | Ekitaldiaren irekiera Mar Mendive doktorea, Adembi elkartea eta Iluntze dantza taldearekin, Tra\u00f1a plazan \/ Apertura del acto con la Doctora Mar Mendive, la Asociaci\u00f3n Adembi y el grupo [&hellip;]\" \/>\n<meta property=\"og:url\" content=\"https:\/\/lasalsadecuba.com\/eus\/programaabadino\/\" \/>\n<meta property=\"og:site_name\" content=\"La salsa de Cuba\" \/>\n<meta property=\"article:modified_time\" content=\"2026-05-01T00:04:24+00:00\" \/>\n<meta name=\"twitter:card\" content=\"summary_large_image\" \/>\n<script type=\"application\/ld+json\" class=\"yoast-schema-graph\">{\"@context\":\"https:\\\/\\\/schema.org\",\"@graph\":[{\"@type\":\"WebPage\",\"@id\":\"https:\\\/\\\/lasalsadecuba.com\\\/programaabadino\\\/\",\"url\":\"https:\\\/\\\/lasalsadecuba.com\\\/programaabadino\\\/\",\"name\":\"programaabadino - La salsa de Cuba\",\"isPartOf\":{\"@id\":\"https:\\\/\\\/lasalsadecuba.com\\\/#website\"},\"datePublished\":\"2026-04-30T14:12:33+00:00\",\"dateModified\":\"2026-05-01T00:04:24+00:00\",\"breadcrumb\":{\"@id\":\"https:\\\/\\\/lasalsadecuba.com\\\/programaabadino\\\/#breadcrumb\"},\"inLanguage\":\"eu\",\"potentialAction\":[{\"@type\":\"ReadAction\",\"target\":[\"https:\\\/\\\/lasalsadecuba.com\\\/programaabadino\\\/\"]}]},{\"@type\":\"BreadcrumbList\",\"@id\":\"https:\\\/\\\/lasalsadecuba.com\\\/programaabadino\\\/#breadcrumb\",\"itemListElement\":[{\"@type\":\"ListItem\",\"position\":1,\"name\":\"Portada\",\"item\":\"https:\\\/\\\/lasalsadecuba.com\\\/\"},{\"@type\":\"ListItem\",\"position\":2,\"name\":\"programaabadino\"}]},{\"@type\":\"WebSite\",\"@id\":\"https:\\\/\\\/lasalsadecuba.com\\\/#website\",\"url\":\"https:\\\/\\\/lasalsadecuba.com\\\/\",\"name\":\"La salsa de Cuba\",\"description\":\"Ernesto Miari, La salsa de Cuba. La web que te trae la cuban\u00eda.\",\"publisher\":{\"@id\":\"https:\\\/\\\/lasalsadecuba.com\\\/#organization\"},\"potentialAction\":[{\"@type\":\"SearchAction\",\"target\":{\"@type\":\"EntryPoint\",\"urlTemplate\":\"https:\\\/\\\/lasalsadecuba.com\\\/?s={search_term_string}\"},\"query-input\":{\"@type\":\"PropertyValueSpecification\",\"valueRequired\":true,\"valueName\":\"search_term_string\"}}],\"inLanguage\":\"eu\"},{\"@type\":\"Organization\",\"@id\":\"https:\\\/\\\/lasalsadecuba.com\\\/#organization\",\"name\":\"La salsa de Cuba\",\"url\":\"https:\\\/\\\/lasalsadecuba.com\\\/\",\"logo\":{\"@type\":\"ImageObject\",\"inLanguage\":\"eu\",\"@id\":\"https:\\\/\\\/lasalsadecuba.com\\\/#\\\/schema\\\/logo\\\/image\\\/\",\"url\":\"https:\\\/\\\/lasalsadecuba.com\\\/wp-content\\\/uploads\\\/2022\\\/04\\\/logo.png\",\"contentUrl\":\"https:\\\/\\\/lasalsadecuba.com\\\/wp-content\\\/uploads\\\/2022\\\/04\\\/logo.png\",\"width\":960,\"height\":1088,\"caption\":\"La salsa de Cuba\"},\"image\":{\"@id\":\"https:\\\/\\\/lasalsadecuba.com\\\/#\\\/schema\\\/logo\\\/image\\\/\"}}]}<\/script>\n<!-- \/ Yoast SEO plugin. -->","yoast_head_json":{"title":"programaabadino - La salsa de Cuba","robots":{"index":"index","follow":"follow","max-snippet":"max-snippet:-1","max-image-preview":"max-image-preview:large","max-video-preview":"max-video-preview:-1"},"canonical":"https:\/\/lasalsadecuba.com\/eus\/programaabadino\/","og_locale":"en_US","og_type":"article","og_title":"programaabadino - La salsa de Cuba","og_description":"\ud83d\udd38 MA\u00d1ANA (10:00 \u2013 14:15) \u2013 SALUD + ACTIVACI\u00d3N + CULTURA+ BAILE 9:30 |Kalejira Txanbolin txistu taldearekin \/ pasacalles con el grupo de txistu Txanbolin 10:00 | Ekitaldiaren irekiera Mar Mendive doktorea, Adembi elkartea eta Iluntze dantza taldearekin, Tra\u00f1a plazan \/ Apertura del acto con la Doctora Mar Mendive, la Asociaci\u00f3n Adembi y el grupo [&hellip;]","og_url":"https:\/\/lasalsadecuba.com\/eus\/programaabadino\/","og_site_name":"La salsa de Cuba","article_modified_time":"2026-05-01T00:04:24+00:00","twitter_card":"summary_large_image","schema":{"@context":"https:\/\/schema.org","@graph":[{"@type":"WebPage","@id":"https:\/\/lasalsadecuba.com\/programaabadino\/","url":"https:\/\/lasalsadecuba.com\/programaabadino\/","name":"programaabadino - La salsa de Cuba","isPartOf":{"@id":"https:\/\/lasalsadecuba.com\/#website"},"datePublished":"2026-04-30T14:12:33+00:00","dateModified":"2026-05-01T00:04:24+00:00","breadcrumb":{"@id":"https:\/\/lasalsadecuba.com\/programaabadino\/#breadcrumb"},"inLanguage":"eu","potentialAction":[{"@type":"ReadAction","target":["https:\/\/lasalsadecuba.com\/programaabadino\/"]}]},{"@type":"BreadcrumbList","@id":"https:\/\/lasalsadecuba.com\/programaabadino\/#breadcrumb","itemListElement":[{"@type":"ListItem","position":1,"name":"Portada","item":"https:\/\/lasalsadecuba.com\/"},{"@type":"ListItem","position":2,"name":"programaabadino"}]},{"@type":"WebSite","@id":"https:\/\/lasalsadecuba.com\/#website","url":"https:\/\/lasalsadecuba.com\/","name":"La salsa de Cuba","description":"Ernesto Miari, La salsa de Cuba. La web que te trae la cuban\u00eda.","publisher":{"@id":"https:\/\/lasalsadecuba.com\/#organization"},"potentialAction":[{"@type":"SearchAction","target":{"@type":"EntryPoint","urlTemplate":"https:\/\/lasalsadecuba.com\/?s={search_term_string}"},"query-input":{"@type":"PropertyValueSpecification","valueRequired":true,"valueName":"search_term_string"}}],"inLanguage":"eu"},{"@type":"Organization","@id":"https:\/\/lasalsadecuba.com\/#organization","name":"La salsa de Cuba","url":"https:\/\/lasalsadecuba.com\/","logo":{"@type":"ImageObject","inLanguage":"eu","@id":"https:\/\/lasalsadecuba.com\/#\/schema\/logo\/image\/","url":"https:\/\/lasalsadecuba.com\/wp-content\/uploads\/2022\/04\/logo.png","contentUrl":"https:\/\/lasalsadecuba.com\/wp-content\/uploads\/2022\/04\/logo.png","width":960,"height":1088,"caption":"La salsa de Cuba"},"image":{"@id":"https:\/\/lasalsadecuba.com\/#\/schema\/logo\/image\/"}}]}},"_links":{"self":[{"href":"https:\/\/lasalsadecuba.com\/eus\/wp-json\/wp\/v2\/pages\/1552","targetHints":{"allow":["GET"]}}],"collection":[{"href":"https:\/\/lasalsadecuba.com\/eus\/wp-json\/wp\/v2\/pages"}],"about":[{"href":"https:\/\/lasalsadecuba.com\/eus\/wp-json\/wp\/v2\/types\/page"}],"author":[{"embeddable":true,"href":"https:\/\/lasalsadecuba.com\/eus\/wp-json\/wp\/v2\/users\/1"}],"replies":[{"embeddable":true,"href":"https:\/\/lasalsadecuba.com\/eus\/wp-json\/wp\/v2\/comments?post=1552"}],"version-history":[{"count":4,"href":"https:\/\/lasalsadecuba.com\/eus\/wp-json\/wp\/v2\/pages\/1552\/revisions"}],"predecessor-version":[{"id":1597,"href":"https:\/\/lasalsadecuba.com\/eus\/wp-json\/wp\/v2\/pages\/1552\/revisions\/1597"}],"wp:attachment":[{"href":"https:\/\/lasalsadecuba.com\/eus\/wp-json\/wp\/v2\/media?parent=1552"}],"curies":[{"name":"wp","href":"https:\/\/api.w.org\/{rel}","templated":true}]}}